{"id":1357,"date":"2023-04-19T17:18:57","date_gmt":"2023-04-19T15:18:57","guid":{"rendered":"https:\/\/immotecnics.com\/accesibilidad\/"},"modified":"2023-04-19T17:23:32","modified_gmt":"2023-04-19T15:23:32","slug":"accesibilidad","status":"publish","type":"page","link":"https:\/\/immotecnics.com\/ca\/accesibilidad\/","title":{"rendered":"Accessibilitat"},"content":{"rendered":"\n<p><strong>DECLARACI\u00d3 D'ACCESSIBILITAT<\/strong><\/p>\n\n\n\n<p>La present declaraci\u00f3 d'accessibilitat s'aplica al lloc web <a href=\"https:\/\/immotecnics.com\/ca\/\">https:\/\/immotecnics.com\/<\/a> (els subdominis d'aquest lloc web tindran les seves pr\u00f2pies declaracions d'accessibilitat).<\/p>\n\n\n\n<p><strong>Situaci\u00f3 de compliment<\/strong><\/p>\n\n\n\n<p>Aquest lloc web \u00e9s&nbsp;<strong>parcialment conforme<\/strong>&nbsp;amb el Reial decret 1112\/2018, de 7 de setembre, a causa de la falta de conformitat dels aspectes que s'indiquen a continuaci\u00f3.<\/p>\n\n\n\n<p><strong>Contingut no accessible<\/strong><br>El contingut que es recull a continuaci\u00f3 no \u00e9s accessible pel seg\u00fcent:<\/p>\n\n\n\n<p><strong>1. Falta de conformitat amb el Reial decret 1112\/2018, de 7 de&nbsp;setembre:&nbsp;<\/strong>podrien existir fallades puntuals d'edici\u00f3 en alguna p\u00e0gina web, tant en continguts HTML com en documents finals, publicats en data posterior al 20 de setembre de 2018 (data d'entrada en vigor del Reial decret 1112\/2018, de 7 de setembre). Concretament pot haver-hi errors en aquells documents que contenen gr\u00e0fics, taules complexes o en aquells signats electr\u00f2nicament abans de la seva revisi\u00f3 d'accessibilitat.<\/p>\n\n\n\n<p><strong>2. C\u00e0rrega desproporcionada:&nbsp;<\/strong>no aplica.<\/p>\n\n\n\n<p><strong>3. El contingut&nbsp;no entra dins de l'\u00e0mbit de la legislaci\u00f3&nbsp;aplicable<\/strong>: Existeixen arxius ofim\u00e0tics en PDF o altres formats publicats abans del 20 de setembre de 2018 que no compleixen \u00edntegrament tots els requisits d'accessibilitat; tamb\u00e9 poden estar en aquesta situaci\u00f3 continguts de tercers no finan\u00e7ats, ni desenvolupats, ni sota el control d'aquest Ministeri.<\/p>\n\n\n\n<p><strong>Preparaci\u00f3 de la present declaraci\u00f3 d'accessibilitat<\/strong><\/p>\n\n\n\n<p>La present declaraci\u00f3 va ser preparada el 13 d'abril de 2023.<\/p>\n\n\n\n<p>El m\u00e8tode emprat per a preparar la declaraci\u00f3 ha estat una autoavaluaci\u00f3 duta a terme pel propi organisme.<\/p>\n\n\n\n<p>\u00daltima revisi\u00f3 de la declaraci\u00f3: 13 d'abril de 2023.<\/p>\n\n\n\n<p>Pot realitzar<strong>&nbsp;comunicacions<\/strong>&nbsp;sobre requisits d'accessibilitat (article 10.2.a) del RD 1112\/2018) com per exemple:<\/p>\n\n\n\n<ul class=\"wp-block-list\">\n<li>informar sobre qualsevol possible<strong>&nbsp;incompliment&nbsp;<\/strong>per part d'aquest lloc web<\/li>\n\n\n\n<li>transmetre altres<strong> dificultats d'acc\u00e9s<\/strong> al contingut<\/li>\n\n\n\n<li>formular qualsevol altra<strong> consulta o suggeriment de millora <\/strong>relativa a l'accessibilitat del lloc web<\/li>\n<\/ul>\n\n\n\n<p>A trav\u00e9s del correu electr\u00f2nic&nbsp;info@immotecnics.com&nbsp;o trucant al tel\u00e8fon 93 858 72 43.<\/p>\n\n\n\n<p>Pot presentar:<\/p>\n\n\n\n<ul class=\"wp-block-list\">\n<li>una&nbsp;<strong>Queixa<\/strong>&nbsp;relativa al compliment dels requisits del RD 1112\/2018 o<\/li>\n\n\n\n<li>una <strong>Sol\u00b7licitud d'Informaci\u00f3 accessible <\/strong>relativa a:\n<ul class=\"wp-block-list\">\n<li>o <strong>continguts <\/strong>que estan <strong>exclosos<\/strong> de l'<strong>\u00e0mbit d'aplicaci\u00f3<\/strong> del RD 1112\/2018 segons el que s'estableix per l'article 3, apartat 4<\/li>\n\n\n\n<li>o&nbsp;<strong>continguts&nbsp;<\/strong>que estan<strong>&nbsp;exempts&nbsp;<\/strong>del <strong>compliment&nbsp;<\/strong>dels requisits d'accessibilitat per imposar una<strong>&nbsp;c\u00e0rrega desproporcionada<\/strong>.<\/li>\n<\/ul>\n<\/li>\n<\/ul>\n\n\n\n<p>Les comunicacions seran rebudes i tractades per IMMOTECNICS GRANOLLERS, SL com a responsable dels continguts d'aquest lloc web.<br><br><strong>Procediment d'aplicaci\u00f3<\/strong><\/p>\n\n\n\n<p>A trav\u00e9s d'aquest procediment podr\u00e0 iniciar una reclamaci\u00f3 per a con\u00e8ixer i oposar-se als motius de la desestimaci\u00f3 d'una sol\u00b7licitud d'informaci\u00f3 accessible o queixa, instar l'adopci\u00f3 de les mesures oportunes en el cas de no estar d'acord amb la decisi\u00f3 adoptada, o exposar les raons per les quals es considera que la resposta no compleix amb els requisits exigits.<br><br><strong>Contingut opcional<\/strong><\/p>\n\n\n\n<p>La versi\u00f3 actualment visible d'aquest lloc web \u00e9s de gener de 2023 i en aquesta data es va fer la revisi\u00f3 del nivell d'accessibilitat vigent en aquell moment.<\/p>\n\n\n\n<p>A partir d'aquesta data es duen a terme revisions parcials di\u00e0ries del contingut web nou o modificat, tant de les plantilles com de les p\u00e0gines i documents finals publicats, a fi d'assegurar el compliment dels requeriments d'accessibilitat de la Norma UNE-EN 301549:2019, considerant les excepcions del Reial decret 1112\/2018, de 7 de setembre.<\/p>\n\n\n\n<p>Entre altres s'adopten les seg\u00fcents mesures per a facilitar l'accessibilitat:<\/p>\n\n\n\n<ul class=\"wp-block-list\">\n<li>Utilitzaci\u00f3 de text alternatiu en les imatges<\/li>\n\n\n\n<li>Els enlla\u00e7os ofereixen detalls de la funci\u00f3 o dest\u00ed de l'enlla\u00e7<\/li>\n\n\n\n<li>\u00das dels est\u00e0ndards del W3C: HTML5, CSS, DOM, SVG.<\/li>\n<\/ul>\n","protected":false},"excerpt":{"rendered":"<p>DECLARACI\u00d3 D'ACCESSIBILITAT La present declaraci\u00f3 d'accessibilitat s'aplica al lloc web https:\/\/immotecnics.com\/ (els subdominis d'aquest lloc web tindran les seves pr\u00f2pies declaracions d'accessibilitat). Situaci\u00f3 de compliment Aquest lloc web \u00e9s&nbsp;parcialment conforme&nbsp;amb el Reial decret 1112\/2018, de 7 de setembre, a causa de la falta de conformitat dels aspectes que s'indiquen a continuaci\u00f3. Contingut no accessibleEl contingut [&hellip;]<\/p>\n","protected":false},"author":1,"featured_media":0,"parent":0,"menu_order":0,"comment_status":"closed","ping_status":"closed","template":"","meta":{"_acf_changed":false,"footnotes":""},"class_list":["post-1357","page","type-page","status-publish","hentry"],"acf":[],"yoast_head":"<!-- This site is optimized with the Yoast SEO plugin v27.2 - https:\/\/yoast.com\/product\/yoast-seo-wordpress\/ -->\n<title>Accessibilitat - Immot\u00e8cnics<\/title>\n<meta name=\"robots\" content=\"index, follow, max-snippet:-1, max-image-preview:large, max-video-preview:-1\" \/>\n<link rel=\"canonical\" href=\"https:\/\/immotecnics.com\/ca\/accesibilidad\/\" \/>\n<meta property=\"og:locale\" content=\"ca_ES\" \/>\n<meta property=\"og:type\" content=\"article\" \/>\n<meta property=\"og:title\" content=\"Accessibilitat - Immot\u00e8cnics\" \/>\n<meta property=\"og:description\" content=\"DECLARACI\u00d3 D&#039;ACCESSIBILITAT La present declaraci\u00f3 d&#039;accessibilitat s&#039;aplica al lloc web https:\/\/immotecnics.com\/ (els subdominis d&#039;aquest lloc web tindran les seves pr\u00f2pies declaracions d&#039;accessibilitat). Situaci\u00f3 de compliment Aquest lloc web \u00e9s&nbsp;parcialment conforme&nbsp;amb el Reial decret 1112\/2018, de 7 de setembre, a causa de la falta de conformitat dels aspectes que s&#039;indiquen a continuaci\u00f3. Contingut no accessibleEl contingut [&hellip;]\" \/>\n<meta property=\"og:url\" content=\"https:\/\/immotecnics.com\/ca\/accesibilidad\/\" \/>\n<meta property=\"og:site_name\" content=\"Immot\u00e8cnics\" \/>\n<meta property=\"article:publisher\" content=\"https:\/\/www.facebook.com\/immotecnics\/\" \/>\n<meta property=\"article:modified_time\" content=\"2023-04-19T15:23:32+00:00\" \/>\n<meta name=\"twitter:card\" content=\"summary_large_image\" \/>\n<meta name=\"twitter:site\" content=\"@Immotecnics\" \/>\n<meta name=\"twitter:label1\" content=\"Temps estimat de lectura\" \/>\n\t<meta name=\"twitter:data1\" content=\"3 minuts\" \/>\n<script type=\"application\/ld+json\" class=\"yoast-schema-graph\">{\"@context\":\"https:\/\/schema.org\",\"@graph\":[{\"@type\":\"WebPage\",\"@id\":\"https:\/\/immotecnics.com\/ca\/accesibilidad\/\",\"url\":\"https:\/\/immotecnics.com\/ca\/accesibilidad\/\",\"name\":\"Accessibilitat - Immot\u00e8cnics\",\"isPartOf\":{\"@id\":\"https:\/\/immotecnics.com\/ca\/#website\"},\"datePublished\":\"2023-04-19T15:18:57+00:00\",\"dateModified\":\"2023-04-19T15:23:32+00:00\",\"breadcrumb\":{\"@id\":\"https:\/\/immotecnics.com\/ca\/accesibilidad\/#breadcrumb\"},\"inLanguage\":\"ca\",\"potentialAction\":[{\"@type\":\"ReadAction\",\"target\":[\"https:\/\/immotecnics.com\/ca\/accesibilidad\/\"]}]},{\"@type\":\"BreadcrumbList\",\"@id\":\"https:\/\/immotecnics.com\/ca\/accesibilidad\/#breadcrumb\",\"itemListElement\":[{\"@type\":\"ListItem\",\"position\":1,\"name\":\"Home\",\"item\":\"https:\/\/immotecnics.com\/ca\/\"},{\"@type\":\"ListItem\",\"position\":2,\"name\":\"Accessibilitat\"}]},{\"@type\":\"WebSite\",\"@id\":\"https:\/\/immotecnics.com\/ca\/#website\",\"url\":\"https:\/\/immotecnics.com\/ca\/\",\"name\":\"Immot\u00e8cnics\",\"description\":\"Immobiliaria Real State\",\"publisher\":{\"@id\":\"https:\/\/immotecnics.com\/ca\/#organization\"},\"potentialAction\":[{\"@type\":\"SearchAction\",\"target\":{\"@type\":\"EntryPoint\",\"urlTemplate\":\"https:\/\/immotecnics.com\/ca\/?s={search_term_string}\"},\"query-input\":{\"@type\":\"PropertyValueSpecification\",\"valueRequired\":true,\"valueName\":\"search_term_string\"}}],\"inLanguage\":\"ca\"},{\"@type\":\"Organization\",\"@id\":\"https:\/\/immotecnics.com\/ca\/#organization\",\"name\":\"Immot\u00e8cnics\",\"url\":\"https:\/\/immotecnics.com\/ca\/\",\"logo\":{\"@type\":\"ImageObject\",\"inLanguage\":\"ca\",\"@id\":\"https:\/\/immotecnics.com\/ca\/#\/schema\/logo\/image\/\",\"url\":\"https:\/\/immotecnics.com\/wp-content\/uploads\/2023\/03\/cropped-favicon.png\",\"contentUrl\":\"https:\/\/immotecnics.com\/wp-content\/uploads\/2023\/03\/cropped-favicon.png\",\"width\":512,\"height\":512,\"caption\":\"Immot\u00e8cnics\"},\"image\":{\"@id\":\"https:\/\/immotecnics.com\/ca\/#\/schema\/logo\/image\/\"},\"sameAs\":[\"https:\/\/www.facebook.com\/immotecnics\/\",\"https:\/\/x.com\/Immotecnics\",\"https:\/\/www.linkedin.com\/company\/immotecnics\/?originalSubdomain=es\",\"https:\/\/www.instagram.com\/immotecnics\/\",\"https:\/\/www.youtube.com\/channel\/UCuui4F1ETMrBhYS7BbGrhGg\"]}]}<\/script>\n<!-- \/ Yoast SEO plugin. -->","yoast_head_json":{"title":"Accessibilitat - Immot\u00e8cnics","robots":{"index":"index","follow":"follow","max-snippet":"max-snippet:-1","max-image-preview":"max-image-preview:large","max-video-preview":"max-video-preview:-1"},"canonical":"https:\/\/immotecnics.com\/ca\/accesibilidad\/","og_locale":"ca_ES","og_type":"article","og_title":"Accessibilitat - Immot\u00e8cnics","og_description":"DECLARACI\u00d3 D'ACCESSIBILITAT La present declaraci\u00f3 d'accessibilitat s'aplica al lloc web https:\/\/immotecnics.com\/ (els subdominis d'aquest lloc web tindran les seves pr\u00f2pies declaracions d'accessibilitat). Situaci\u00f3 de compliment Aquest lloc web \u00e9s&nbsp;parcialment conforme&nbsp;amb el Reial decret 1112\/2018, de 7 de setembre, a causa de la falta de conformitat dels aspectes que s'indiquen a continuaci\u00f3. Contingut no accessibleEl contingut [&hellip;]","og_url":"https:\/\/immotecnics.com\/ca\/accesibilidad\/","og_site_name":"Immot\u00e8cnics","article_publisher":"https:\/\/www.facebook.com\/immotecnics\/","article_modified_time":"2023-04-19T15:23:32+00:00","twitter_card":"summary_large_image","twitter_site":"@Immotecnics","twitter_misc":{"Temps estimat de lectura":"3 minuts"},"schema":{"@context":"https:\/\/schema.org","@graph":[{"@type":"WebPage","@id":"https:\/\/immotecnics.com\/ca\/accesibilidad\/","url":"https:\/\/immotecnics.com\/ca\/accesibilidad\/","name":"Accessibilitat - Immot\u00e8cnics","isPartOf":{"@id":"https:\/\/immotecnics.com\/ca\/#website"},"datePublished":"2023-04-19T15:18:57+00:00","dateModified":"2023-04-19T15:23:32+00:00","breadcrumb":{"@id":"https:\/\/immotecnics.com\/ca\/accesibilidad\/#breadcrumb"},"inLanguage":"ca","potentialAction":[{"@type":"ReadAction","target":["https:\/\/immotecnics.com\/ca\/accesibilidad\/"]}]},{"@type":"BreadcrumbList","@id":"https:\/\/immotecnics.com\/ca\/accesibilidad\/#breadcrumb","itemListElement":[{"@type":"ListItem","position":1,"name":"Home","item":"https:\/\/immotecnics.com\/ca\/"},{"@type":"ListItem","position":2,"name":"Accessibilitat"}]},{"@type":"WebSite","@id":"https:\/\/immotecnics.com\/ca\/#website","url":"https:\/\/immotecnics.com\/ca\/","name":"Immot\u00e8cnics","description":"Immobiliaria Real State","publisher":{"@id":"https:\/\/immotecnics.com\/ca\/#organization"},"potentialAction":[{"@type":"SearchAction","target":{"@type":"EntryPoint","urlTemplate":"https:\/\/immotecnics.com\/ca\/?s={search_term_string}"},"query-input":{"@type":"PropertyValueSpecification","valueRequired":true,"valueName":"search_term_string"}}],"inLanguage":"ca"},{"@type":"Organization","@id":"https:\/\/immotecnics.com\/ca\/#organization","name":"Immot\u00e8cnics","url":"https:\/\/immotecnics.com\/ca\/","logo":{"@type":"ImageObject","inLanguage":"ca","@id":"https:\/\/immotecnics.com\/ca\/#\/schema\/logo\/image\/","url":"https:\/\/immotecnics.com\/wp-content\/uploads\/2023\/03\/cropped-favicon.png","contentUrl":"https:\/\/immotecnics.com\/wp-content\/uploads\/2023\/03\/cropped-favicon.png","width":512,"height":512,"caption":"Immot\u00e8cnics"},"image":{"@id":"https:\/\/immotecnics.com\/ca\/#\/schema\/logo\/image\/"},"sameAs":["https:\/\/www.facebook.com\/immotecnics\/","https:\/\/x.com\/Immotecnics","https:\/\/www.linkedin.com\/company\/immotecnics\/?originalSubdomain=es","https:\/\/www.instagram.com\/immotecnics\/","https:\/\/www.youtube.com\/channel\/UCuui4F1ETMrBhYS7BbGrhGg"]}]}},"_links":{"self":[{"href":"https:\/\/immotecnics.com\/ca\/wp-json\/wp\/v2\/pages\/1357","targetHints":{"allow":["GET"]}}],"collection":[{"href":"https:\/\/immotecnics.com\/ca\/wp-json\/wp\/v2\/pages"}],"about":[{"href":"https:\/\/immotecnics.com\/ca\/wp-json\/wp\/v2\/types\/page"}],"author":[{"embeddable":true,"href":"https:\/\/immotecnics.com\/ca\/wp-json\/wp\/v2\/users\/1"}],"replies":[{"embeddable":true,"href":"https:\/\/immotecnics.com\/ca\/wp-json\/wp\/v2\/comments?post=1357"}],"version-history":[{"count":0,"href":"https:\/\/immotecnics.com\/ca\/wp-json\/wp\/v2\/pages\/1357\/revisions"}],"wp:attachment":[{"href":"https:\/\/immotecnics.com\/ca\/wp-json\/wp\/v2\/media?parent=1357"}],"curies":[{"name":"wp","href":"https:\/\/api.w.org\/{rel}","templated":true}]}}